{"id":27598,"date":"2024-10-24T11:02:22","date_gmt":"2024-10-24T08:02:22","guid":{"rendered":"https:\/\/www.benexx.de\/?post_type=product&#038;p=27598"},"modified":"2025-05-21T20:43:45","modified_gmt":"2025-05-21T17:43:45","slug":"mohrpolar80dplus","status":"publish","type":"product","link":"https:\/\/dev.benexx.de\/de\/shop\/mohrpolar80dplus","title":{"rendered":"POLAR MOHR D 80 PLUS GEBRAUCHTE SCHNEIDEMASCHINE ZU VERKAUFEN"},"content":{"rendered":"<p>Schneidemaschine <strong>Mohr (Polar) D 80 PLUS<\/strong><br \/>\nBaujahr 2020, Schneidbreite \u2013 800 mm<!--more--><span id=\"more-15272\"><\/span>Technische Daten<br \/>\nSchnittbreite (mm) 800<br \/>\nEinlegetiefe (mm) 800<br \/>\nEinlegeh\u00f6he max. 80 \/100(mm)<br \/>\nPressdruck min. 200\/180(daN)<br \/>\nPressdruck max. 1.500\/2.700(daN)<br \/>\nSattelgeschwindigkeitR\u00fccklauf (mm\/sec) 130<br \/>\nMessergeschwindigkeit(Takte\/Min.) 20<br \/>\nRestschnitt, autom.,ohne Abdeckblech 15<br \/>\nRestschnitt, autom.,mit Abdeckblech 50<br \/>\nBobdxmkcbpa<br \/>\nBreite (mm) 1.430<br \/>\nTiefe (mm) 1.970<br \/>\nH\u00f6he (mm) 1.500<br \/>\nGewicht (kg) 900<\/p>\n<p>MOHRs sind programmierbare Schneidemaschinen, bei denen der pr\u00e4zise und materialschonende Schwingschr\u00e4gschnitt hydraulisch erfolgt. Damit kann die Verweildauer des Messers im unteren Totpunkt auf das Material angepasst werden. Die besondere Schnittpr\u00e4zision ist auf die robuste Bauweise und die direkte Ma\u00dfabnahme zur\u00fcckzuf\u00fchren. Die rostfreie Tischoberfl\u00e4che ist extrem gleitf\u00e4hig und erm\u00f6glicht eine einfache Handhabung des Materials.Beim MOHR Cutter 80 wird dies standardm\u00e4\u00dfig durchLuftd\u00fcsen unterst\u00fctzt. Der Pressdruck kann stufenlos\u00fcber einen Drehknopf mit Skala auf jedes Schneidguteingestellt werden. Die Bedienung des Modells PLUS erfolgt \u00fcber ein ergonomischangeordnetes 18,5\u201c Touchscreen-Display. Die Software Compucut\u00ae kann aus Schneiddaten aus der Vorstufe automatisch Schneidprogramme erzeugen. So lassen sich die R\u00fcstzeiten an der Maschine auf nahezu Null reduzieren. Mit der Prozessvisualisierung wird dem Bediener das Materialhandling grafisch angezeigt und schlie\u00dft somit Fehler und Makulatur aus.<br \/>\nKundennutzenUmfangreiche Programmierm\u00f6glichkeiten mit1.998 Speicherpl\u00e4tzen, einfacher Messerwechsel mit automatischer Abschaltung im unteren Totpunkt und Feineinstellung von vorn, Stabilit\u00e4tsoptimierter Maschinenk\u00f6rper zur optimalenAufnahme der Kr\u00e4fte beim Schneiden undh\u00f6chste SchneidgenauigkeitMinimaler Wartungsaufwand durch den Einsatzinnovativer Materialien Integration in den digitalen Workflow mitCompucut\u00ae: Null Makulatur. Null R\u00fcstzeit<\/p>\n<p>Zustand: sehr gut.<br \/>\nVerf\u00fcgbarkeit: auf Anfrage<\/p>\n<p><i><strong>PRICE \/ \u0426\u0415\u041d\u0410 &gt;&gt;&gt; <\/strong><a href=\"https:\/\/m.me\/BENEXX.de\"><strong><img loading=\"lazy\" decoding=\"async\" class=\"alignnone wp-image-20192 \" src=\"https:\/\/www.benexx.de\/wp-content\/uploads\/2018\/04\/Screenshot-2018-10-25-14.48.48.png\" sizes=\"auto, (max-width: 36px) 100vw, 36px\" srcset=\"https:\/\/www.benexx.de\/wp-content\/uploads\/2018\/04\/Screenshot-2018-10-25-14.48.48.png 381w, https:\/\/www.benexx.de\/wp-content\/uploads\/2018\/04\/Screenshot-2018-10-25-14.48.48-143x150.png 143w\" alt=\"\" width=\"36\" height=\"38\" \/><\/strong><\/a><strong><a href=\"https:\/\/t.me\/benexx\"><img loading=\"lazy\" decoding=\"async\" class=\"alignnone wp-image-20186\" src=\"https:\/\/www.benexx.de\/wp-content\/uploads\/2018\/04\/telegram.png\" sizes=\"auto, (max-width: 40px) 100vw, 40px\" srcset=\"https:\/\/www.benexx.de\/wp-content\/uploads\/2018\/04\/telegram.png 128w, https:\/\/www.benexx.de\/wp-content\/uploads\/2018\/04\/telegram-100x100.png 100w\" alt=\"\" width=\"40\" height=\"40\" \/> <\/a><a href=\"https:\/\/vk.com\/benexx\"><img loading=\"lazy\" decoding=\"async\" class=\"alignnone wp-image-20183\" src=\"https:\/\/www.benexx.de\/wp-content\/uploads\/2018\/04\/480px-VK.com-logo.svg_.png\" sizes=\"auto, (max-width: 39px) 100vw, 39px\" srcset=\"https:\/\/www.benexx.de\/wp-content\/uploads\/2018\/04\/480px-VK.com-logo.svg_.png 480w, https:\/\/www.benexx.de\/wp-content\/uploads\/2018\/04\/480px-VK.com-logo.svg_-150x150.png 150w, https:\/\/www.benexx.de\/wp-content\/uploads\/2018\/04\/480px-VK.com-logo.svg_-100x100.png 100w\" alt=\"\" width=\"39\" height=\"39\" \/><\/a><\/strong><\/i><\/p>\n<h1>Schneidemaschine\u00a0<b>Polar Mohr D 80 PLUS\u00a0<\/b>gebrauchte Schneidemaschine zu verkaufen<\/h1>\n","protected":false},"excerpt":{"rendered":"<p>Schneidemaschine Mohr (Polar) D 80 PLUS Baujahr 2020, Schneidbreite \u2013 800 mm<\/p>\n","protected":false},"featured_media":27601,"comment_status":"closed","ping_status":"closed","template":"","meta":[],"product_brand":[],"product_cat":[211],"product_tag":[],"class_list":{"0":"post-27598","1":"product","2":"type-product","3":"status-publish","4":"has-post-thumbnail","6":"product_cat-cutting-de","8":"first","9":"outofstock","10":"shipping-taxable","11":"product-type-simple"},"_links":{"self":[{"href":"https:\/\/dev.benexx.de\/de\/wp-json\/wp\/v2\/product\/27598","targetHints":{"allow":["GET"]}}],"collection":[{"href":"https:\/\/dev.benexx.de\/de\/wp-json\/wp\/v2\/product"}],"about":[{"href":"https:\/\/dev.benexx.de\/de\/wp-json\/wp\/v2\/types\/product"}],"replies":[{"embeddable":true,"href":"https:\/\/dev.benexx.de\/de\/wp-json\/wp\/v2\/comments?post=27598"}],"wp:featuredmedia":[{"embeddable":true,"href":"https:\/\/dev.benexx.de\/de\/wp-json\/wp\/v2\/media\/27601"}],"wp:attachment":[{"href":"https:\/\/dev.benexx.de\/de\/wp-json\/wp\/v2\/media?parent=27598"}],"wp:term":[{"taxonomy":"product_brand","embeddable":true,"href":"https:\/\/dev.benexx.de\/de\/wp-json\/wp\/v2\/product_brand?post=27598"},{"taxonomy":"product_cat","embeddable":true,"href":"https:\/\/dev.benexx.de\/de\/wp-json\/wp\/v2\/product_cat?post=27598"},{"taxonomy":"product_tag","embeddable":true,"href":"https:\/\/dev.benexx.de\/de\/wp-json\/wp\/v2\/product_tag?post=27598"}],"curies":[{"name":"wp","href":"https:\/\/api.w.org\/{rel}","templated":true}]}}